{"id":121,"date":"2014-05-30T15:50:27","date_gmt":"2014-05-30T13:50:27","guid":{"rendered":"http:\/\/notfunk-landshut.de\/wordpress\/?page_id=121"},"modified":"2014-06-01T11:28:17","modified_gmt":"2014-06-01T09:28:17","slug":"notfunkubung-bei-y14","status":"publish","type":"page","link":"http:\/\/www.notfunk-landshut.de\/wordpress\/?page_id=121","title":{"rendered":"Y14: 2.7.2010"},"content":{"rendered":"<h3 class=\"title\">Notfunk\u00fcbung bei Y14<\/h3>\r\n<h4><span style=\"font-size: x-small;\">Quelle: <a title=\"http:\/\/www.darc.de\/mitglieder\/distrikte\/y\/14\/berichte\/notfunkuebung-bei-y14\/\" href=\"http:\/\/www.darc.de\/mitglieder\/distrikte\/y\/14\/berichte\/notfunkuebung-bei-y14\/\" target=\"_blank\">http:\/\/www.darc.de\/mitglieder\/distrikte\/y\/14\/berichte\/notfunkuebung-bei-y14\/<\/a><\/span><\/h4>\r\nAuf Bitten der FFW Wandlitz an den OV Y 14 Bernau, um Unterst\u00fctzung der Kommunikation bei ihrem Berufsfeuerwehrtag und den damit verbundenen \u00dcbungen der Jugendfeuerwehren, wurde eine Notfunkgruppe zusammengestellt.\r\n\r\nAm 02.07.10 trafen sich Achim DM 2 DME, Peter DL 7 JBW, Reiner DL 7 VRS und Chris DL 1 BSC als Notfunkbeauftragter des OV Y 14 in der Feuerwache Basdorf, ein OT der Gemeinde Wandlitz und errichteten ein Funkstelle f\u00fcr 2 m und 70 cm. Die Mitglieder der FFW der OT Sch\u00f6nwalde, Sch\u00f6nerlinde, Wandlitz, Basdorf und Stolzenhagen hatten ein Zeltlager errichtet und die Fahrzeuge bereitgestellt.\r\n\r\nNach dem Abendessen kamen dann die ersten Eins\u00e4tze, die jeweils von einem FA begleitet wurden. Die Verbindungen wurden mit HFG und Mobilstationen hergestellt. Die Notfunkgruppe interessierte dabei die Reichweiten in der dicht bewaldeten Umgebung auf den Frequenzen 145,550 und 434.000 MHz. Zus\u00e4tzlich wurden auch noch mehrere Antennenarten getestet.\r\n\r\nDie Ergebnisse werden f\u00fcr die n\u00e4chste \u00dcbung Anregungen f\u00fcr weitere Tests sein. In der Auswertung der \u00dcbung konnten alle Beteiligten Hinweise f\u00fcr weitere Verbesserungen sammeln. F\u00fcr die FA des OV Bernau wird diese \u00dcbung Anlass sein, weitere M\u00f6glichkeiten und Verfahren der Verbindungsaufnahme und Kommunikation zu finden und zum Einsatz zu bringen.\r\n\r\nChris, DL 1 BSC\r\n\r\n<a id=\"0\" href=\"http:\/\/www.darc.de\/uploads\/pics\/2010-07_s_FW_Basdorf_036.JPG\" rel=\"lightbox[34379]\"><img decoding=\"async\" loading=\"lazy\" src=\"http:\/\/www.darc.de\/typo3temp\/pics\/7ece66ca10.jpg\" alt=\"\" width=\"194\" height=\"146\" \/><\/a><a id=\"1\" href=\"http:\/\/www.darc.de\/uploads\/pics\/2010-07_s_FW_Basdorf_003.JPG\" rel=\"lightbox[34379]\"><img decoding=\"async\" loading=\"lazy\" src=\"http:\/\/www.darc.de\/typo3temp\/pics\/c5f51aa3a9.jpg\" alt=\"\" width=\"194\" height=\"146\" \/><\/a><a id=\"2\" href=\"http:\/\/www.darc.de\/uploads\/pics\/2010-07_s_FW_Basdorf_004_01.JPG\" rel=\"lightbox[34379]\"><img decoding=\"async\" loading=\"lazy\" src=\"http:\/\/www.darc.de\/typo3temp\/pics\/db0306c446.jpg\" alt=\"\" width=\"194\" height=\"146\" \/><\/a><a id=\"3\" href=\"http:\/\/www.darc.de\/uploads\/pics\/2010-07_s_FW_Basdorf_013.JPG\" rel=\"lightbox[34379]\"><img decoding=\"async\" loading=\"lazy\" src=\"http:\/\/www.darc.de\/typo3temp\/pics\/e69a962324.jpg\" alt=\"\" width=\"194\" height=\"146\" \/><\/a> <a id=\"4\" href=\"http:\/\/www.darc.de\/uploads\/pics\/2010-07_s_FW_Basdorf_031.JPG\" rel=\"lightbox[34379]\"><img decoding=\"async\" loading=\"lazy\" src=\"http:\/\/www.darc.de\/typo3temp\/pics\/75e2674e93.jpg\" alt=\"\" width=\"194\" height=\"146\" \/><\/a><a id=\"5\" href=\"http:\/\/www.darc.de\/typo3temp\/pics\/9ffe7643ac.jpg\" rel=\"lightbox[34379]\"><img decoding=\"async\" loading=\"lazy\" src=\"http:\/\/www.darc.de\/typo3temp\/pics\/18331f36bf.jpg\" alt=\"\" width=\"194\" height=\"146\" \/><\/a><a id=\"6\" href=\"http:\/\/www.darc.de\/uploads\/pics\/2010-07_s_FW_Basdorf_034.JPG\" rel=\"lightbox[34379]\"><img decoding=\"async\" loading=\"lazy\" src=\"http:\/\/www.darc.de\/typo3temp\/pics\/f446f6e070.jpg\" alt=\"\" width=\"194\" height=\"146\" \/><\/a><a id=\"8\" href=\"http:\/\/www.darc.de\/uploads\/pics\/2010-07_s_FW_Basdorf_041.JPG\" rel=\"lightbox[34379]\"><img decoding=\"async\" loading=\"lazy\" src=\"http:\/\/www.darc.de\/typo3temp\/pics\/36cfc8d220.jpg\" alt=\"\" width=\"194\" height=\"146\" \/><\/a> <a id=\"10\" href=\"http:\/\/www.darc.de\/uploads\/pics\/2010-07_s_FW_Basdorf_020.JPG\" rel=\"lightbox[34379]\"><img decoding=\"async\" loading=\"lazy\" src=\"http:\/\/www.darc.de\/typo3temp\/pics\/be06193ef0.jpg\" alt=\"\" width=\"194\" height=\"146\" \/><\/a><a id=\"11\" href=\"http:\/\/www.darc.de\/uploads\/pics\/2010-07_s_FW_Basdorf_023.JPG\" rel=\"lightbox[34379]\"><img decoding=\"async\" loading=\"lazy\" src=\"http:\/\/www.darc.de\/typo3temp\/pics\/05eb7d034e.jpg\" alt=\"\" width=\"194\" height=\"146\" \/><\/a>","protected":false},"excerpt":{"rendered":"<p>Notfunk\u00fcbung bei Y14 Quelle: http:\/\/www.darc.de\/mitglieder\/distrikte\/y\/14\/berichte\/notfunkuebung-bei-y14\/ Auf Bitten der FFW Wandlitz an den OV Y 14 Bernau, um Unterst\u00fctzung der Kommunikation bei ihrem Berufsfeuerwehrtag und den damit verbundenen \u00dcbungen der Jugendfeuerwehren, wurde eine Notfunkgruppe zusammengestellt. Am 02.07.10 trafen sich Achim DM<span class=\"ellipsis\">&hellip;<\/span><\/p>\n<div class=\"read-more\"><a href=\"http:\/\/www.notfunk-landshut.de\/wordpress\/?page_id=121\">Weiterlesen \u203a<\/a><\/div>\n<p><!-- end of .read-more --><\/p>\n","protected":false},"author":1,"featured_media":0,"parent":0,"menu_order":0,"comment_status":"closed","ping_status":"closed","template":"","meta":[],"_links":{"self":[{"href":"http:\/\/www.notfunk-landshut.de\/wordpress\/index.php?rest_route=\/wp\/v2\/pages\/121"}],"collection":[{"href":"http:\/\/www.notfunk-landshut.de\/wordpress\/index.php?rest_route=\/wp\/v2\/pages"}],"about":[{"href":"http:\/\/www.notfunk-landshut.de\/wordpress\/index.php?rest_route=\/wp\/v2\/types\/page"}],"author":[{"embeddable":true,"href":"http:\/\/www.notfunk-landshut.de\/wordpress\/index.php?rest_route=\/wp\/v2\/users\/1"}],"replies":[{"embeddable":true,"href":"http:\/\/www.notfunk-landshut.de\/wordpress\/index.php?rest_route=%2Fwp%2Fv2%2Fcomments&post=121"}],"version-history":[{"count":3,"href":"http:\/\/www.notfunk-landshut.de\/wordpress\/index.php?rest_route=\/wp\/v2\/pages\/121\/revisions"}],"predecessor-version":[{"id":232,"href":"http:\/\/www.notfunk-landshut.de\/wordpress\/index.php?rest_route=\/wp\/v2\/pages\/121\/revisions\/232"}],"wp:attachment":[{"href":"http:\/\/www.notfunk-landshut.de\/wordpress\/index.php?rest_route=%2Fwp%2Fv2%2Fmedia&parent=121"}],"curies":[{"name":"wp","href":"https:\/\/api.w.org\/{rel}","templated":true}]}}